{"id":17811,"date":"2023-03-29T11:16:32","date_gmt":"2023-03-29T09:16:32","guid":{"rendered":"https:\/\/pauschalmakler.ch\/immobilien\/1225964fr-modern-und-zentral-wohnen\/"},"modified":"2026-05-02T07:21:04","modified_gmt":"2026-05-02T05:21:04","slug":"1225964fr-modern-und-zentral-wohnen","status":"publish","type":"casawp_property","link":"https:\/\/pauschalmakler.ch\/fr\/immobilien\/1225964fr-modern-und-zentral-wohnen\/","title":{"rendered":"MODERN und ZENTRAL Wohnen"},"content":{"rendered":"<h2>Modernes Wohnen an zentraler Lage in der sonnigen Gesundheitsoase Bad Ragaz<\/h2>\n<p><p>Die topmoderne 4.5 Zimmer Wohnung liegt mitten im Dorf in unmittelbarer N\u00e4he zum Bahnhof. Durch die zur\u00fcckversetzte Lage zur Bahnhofstrasse bietet sie einen ruhigen, attraktiven Wohnquartiercharakter. Der herrliche Ausblick ins Gr\u00fcne und die atemberaubende Berglandschaft zeichnen die Wohnung zus\u00e4tzlich aus.<\/p>\n<p>Die Wohnung zeichnet sich durch folgende Eigenschaften aus:<\/p>\n<p><strong>Wohnung<\/strong><\/p>\n<ul>\n<li>Eingangsbereich mit Garderobe und Einbauschrank<\/li>\n<li>Ger\u00e4umiger und sonniger Wohnbereich mit grossfl\u00e4chigen Fensterfronten<\/li>\n<li>Moderne offene K\u00fcche mit Backofen, Combi Steamer, Glaskeramik Kochfeld, Dunstabzugshaube, Geschirrsp\u00fcler, K\u00fchlschrank und Granitabdeckung<\/li>\n<li>Sch\u00f6ner Parkettboden im Wohnbereich und in den Schlafzimmern\u00a0<\/li>\n<li>Badezimmer mit Dusche, Dusch-WC, Lavabo mit eingebautem Waschtischm\u00f6bel und Spiegelschrank<\/li>\n<li>Separates WC mit Lavabo, eingebautem Waschtischm\u00f6bel und Spiegelschrank<\/li>\n<li>Eingebaute Schr\u00e4nke in den Schlafzimmern<\/li>\n<li>Grosser \u00fcberdachter, verglaster Balkon\u00a0<\/li>\n<li>Waschmaschine und Tumbler in der Wohnung\u00a0<\/li>\n<\/ul>\n<p><strong>Keller\u00a0<\/strong><\/p>\n<ul>\n<li>Separates Kellerabteil mit Stromanschluss<\/li>\n<\/ul>\n<p><strong>Parkierung<\/strong><\/p>\n<ul>\n<li>Ein Autoabstellplatz in der Tiefgarage kann dazu erworben werden<\/li>\n<li>Gemeinschaftlich nutzbarer Fahrradraum<\/li>\n<\/ul>\n<hr class=\"property-separator\" \/>\n<h2>Verkaufsvorgehen<\/h2>\n<p><p>Die Besichtigungen und Verkaufsgespr\u00e4che werden durch die Beauftragte (Pauschalmakler AG) organisiert und koordiniert.<\/p>\n<p>Bei mehreren Kaufinteressenten wird die Liegenschaft in einem zweistufigen Bieterverfahren an den Meistbietenden verkauft.<\/p><\/p>\n","protected":false},"excerpt":{"rendered":"<p>Modernes Wohnen an zentraler Lage in der sonnigen Gesundheitsoase Bad Ragaz Die topmoderne 4.5 Zimmer Wohnung liegt mitten im Dorf in unmittelbarer N\u00e4he zum Bahnhof. Durch die zur\u00fcckversetzte Lage zur Bahnhofstrasse bietet sie einen ruhigen, attraktiven Wohnquartiercharakter. Der herrliche Ausblick ins Gr\u00fcne und die atemberaubende Berglandschaft zeichnen die Wohnung zus\u00e4tzlich aus. Die Wohnung zeichnet sich [&hellip;]<\/p>\n","protected":false},"author":0,"featured_media":17812,"parent":0,"menu_order":41,"comment_status":"closed","ping_status":"closed","template":"","meta":{"_acf_changed":false,"inline_featured_image":false,"footnotes":""},"casawp_category":[8],"casawp_feature":[9,49,10,32,116,103,26,12,35,37,69,66,15],"casawp_utility":[16],"casawp_location":[117,19,39],"casawp_salestype":[28],"casawp_availability":[51],"casawp_region":[],"class_list":["post-17811","casawp_property","type-casawp_property","status-publish","has-post-thumbnail","hentry","casawp_category-apartment","casawp_feature-has-balcony","casawp_feature-has-cabletv","casawp_feature-has-elevator","casawp_feature-has-garage","casawp_feature-has-gardenhouse","casawp_feature-has-mountain-view","casawp_feature-has-tumbler","casawp_feature-has-washing-machine","casawp_feature-is-child-friendly","casawp_feature-is-non-smoking","casawp_feature-is-quiet","casawp_feature-is-sunny","casawp_feature-is-wheelchair-accessible","casawp_utility-residential","casawp_location-locality_bad-ragaz","casawp_location-country_ch","casawp_location-region_sg","casawp_salestype-buy","casawp_availability-taken"],"acf":[],"yoast_head":"<!-- This site is optimized with the Yoast SEO plugin v26.7 - https:\/\/yoast.com\/wordpress\/plugins\/seo\/ -->\n<title>MODERN und ZENTRAL Wohnen - Pauschalmakler<\/title>\n<meta name=\"robots\" content=\"index, follow, max-snippet:-1, max-image-preview:large, max-video-preview:-1\" \/>\n<link rel=\"canonical\" href=\"https:\/\/pauschalmakler.ch\/immobilien\/1225964de-modern-und-zentral-wohnen\/\" \/>\n<meta property=\"og:locale\" content=\"fr_FR\" \/>\n<meta property=\"og:type\" content=\"article\" \/>\n<meta property=\"og:title\" content=\"MODERN und ZENTRAL Wohnen - Pauschalmakler\" \/>\n<meta property=\"og:description\" content=\"Modernes Wohnen an zentraler Lage in der sonnigen Gesundheitsoase Bad Ragaz Die topmoderne 4.5 Zimmer Wohnung liegt mitten im Dorf in unmittelbarer N\u00e4he zum Bahnhof. Durch die zur\u00fcckversetzte Lage zur Bahnhofstrasse bietet sie einen ruhigen, attraktiven Wohnquartiercharakter. Der herrliche Ausblick ins Gr\u00fcne und die atemberaubende Berglandschaft zeichnen die Wohnung zus\u00e4tzlich aus. Die Wohnung zeichnet sich [&hellip;]\" \/>\n<meta property=\"og:url\" content=\"https:\/\/pauschalmakler.ch\/immobilien\/1225964de-modern-und-zentral-wohnen\/\" \/>\n<meta property=\"og:site_name\" content=\"Pauschalmakler\" \/>\n<meta property=\"article:modified_time\" content=\"2026-05-02T05:21:04+00:00\" \/>\n<meta name=\"twitter:card\" content=\"summary_large_image\" \/>\n<meta name=\"twitter:label1\" content=\"Dur\u00e9e de lecture estim\u00e9e\" \/>\n\t<meta name=\"twitter:data1\" content=\"1 minute\" \/>\n<script type=\"application\/ld+json\" class=\"yoast-schema-graph\">{\"@context\":\"https:\/\/schema.org\",\"@graph\":[{\"@type\":\"WebPage\",\"@id\":\"https:\/\/pauschalmakler.ch\/immobilien\/1225964de-modern-und-zentral-wohnen\/\",\"url\":\"https:\/\/pauschalmakler.ch\/immobilien\/1225964de-modern-und-zentral-wohnen\/\",\"name\":\"MODERN und ZENTRAL Wohnen - Pauschalmakler\",\"isPartOf\":{\"@id\":\"https:\/\/pauschalmakler.ch\/#website\"},\"primaryImageOfPage\":{\"@id\":\"https:\/\/pauschalmakler.ch\/immobilien\/1225964de-modern-und-zentral-wohnen\/#primaryimage\"},\"image\":{\"@id\":\"https:\/\/pauschalmakler.ch\/immobilien\/1225964de-modern-und-zentral-wohnen\/#primaryimage\"},\"thumbnailUrl\":\"https:\/\/cdn.casasoft.com\/media\/provider-11767\/property-1225964\/48b450f7e184c2493226192b16224a96.jpeg?p=xl\",\"datePublished\":\"2023-03-29T09:16:32+00:00\",\"dateModified\":\"2026-05-02T05:21:04+00:00\",\"breadcrumb\":{\"@id\":\"https:\/\/pauschalmakler.ch\/immobilien\/1225964de-modern-und-zentral-wohnen\/#breadcrumb\"},\"inLanguage\":\"fr-FR\",\"potentialAction\":[{\"@type\":\"ReadAction\",\"target\":[\"https:\/\/pauschalmakler.ch\/immobilien\/1225964de-modern-und-zentral-wohnen\/\"]}]},{\"@type\":\"ImageObject\",\"inLanguage\":\"fr-FR\",\"@id\":\"https:\/\/pauschalmakler.ch\/immobilien\/1225964de-modern-und-zentral-wohnen\/#primaryimage\",\"url\":\"https:\/\/cdn.casasoft.com\/media\/provider-11767\/property-1225964\/48b450f7e184c2493226192b16224a96.jpeg?p=xl\",\"contentUrl\":\"https:\/\/cdn.casasoft.com\/media\/provider-11767\/property-1225964\/48b450f7e184c2493226192b16224a96.jpeg?p=xl\"},{\"@type\":\"BreadcrumbList\",\"@id\":\"https:\/\/pauschalmakler.ch\/immobilien\/1225964de-modern-und-zentral-wohnen\/#breadcrumb\",\"itemListElement\":[{\"@type\":\"ListItem\",\"position\":1,\"name\":\"Home\",\"item\":\"https:\/\/pauschalmakler.ch\/fr\/\"},{\"@type\":\"ListItem\",\"position\":2,\"name\":\"Immobilien\",\"item\":\"https:\/\/pauschalmakler.ch\/immobilien\/\"},{\"@type\":\"ListItem\",\"position\":3,\"name\":\"MODERN und ZENTRAL Wohnen\"}]},{\"@type\":\"WebSite\",\"@id\":\"https:\/\/pauschalmakler.ch\/#website\",\"url\":\"https:\/\/pauschalmakler.ch\/\",\"name\":\"Pauschalmakler\",\"description\":\"\",\"publisher\":{\"@id\":\"https:\/\/pauschalmakler.ch\/#organization\"},\"potentialAction\":[{\"@type\":\"SearchAction\",\"target\":{\"@type\":\"EntryPoint\",\"urlTemplate\":\"https:\/\/pauschalmakler.ch\/?s={search_term_string}\"},\"query-input\":{\"@type\":\"PropertyValueSpecification\",\"valueRequired\":true,\"valueName\":\"search_term_string\"}}],\"inLanguage\":\"fr-FR\"},{\"@type\":\"Organization\",\"@id\":\"https:\/\/pauschalmakler.ch\/#organization\",\"name\":\"Pauschalmakler\",\"url\":\"https:\/\/pauschalmakler.ch\/\",\"logo\":{\"@type\":\"ImageObject\",\"inLanguage\":\"fr-FR\",\"@id\":\"https:\/\/pauschalmakler.ch\/#\/schema\/logo\/image\/\",\"url\":\"https:\/\/pauschalmakler.ch\/wp-content\/uploads\/2020\/08\/logo-pm.svg\",\"contentUrl\":\"https:\/\/pauschalmakler.ch\/wp-content\/uploads\/2020\/08\/logo-pm.svg\",\"caption\":\"Pauschalmakler\"},\"image\":{\"@id\":\"https:\/\/pauschalmakler.ch\/#\/schema\/logo\/image\/\"}}]}<\/script>\n<!-- \/ Yoast SEO plugin. -->","yoast_head_json":{"title":"MODERN und ZENTRAL Wohnen - Pauschalmakler","robots":{"index":"index","follow":"follow","max-snippet":"max-snippet:-1","max-image-preview":"max-image-preview:large","max-video-preview":"max-video-preview:-1"},"canonical":"https:\/\/pauschalmakler.ch\/immobilien\/1225964de-modern-und-zentral-wohnen\/","og_locale":"fr_FR","og_type":"article","og_title":"MODERN und ZENTRAL Wohnen - Pauschalmakler","og_description":"Modernes Wohnen an zentraler Lage in der sonnigen Gesundheitsoase Bad Ragaz Die topmoderne 4.5 Zimmer Wohnung liegt mitten im Dorf in unmittelbarer N\u00e4he zum Bahnhof. Durch die zur\u00fcckversetzte Lage zur Bahnhofstrasse bietet sie einen ruhigen, attraktiven Wohnquartiercharakter. Der herrliche Ausblick ins Gr\u00fcne und die atemberaubende Berglandschaft zeichnen die Wohnung zus\u00e4tzlich aus. Die Wohnung zeichnet sich [&hellip;]","og_url":"https:\/\/pauschalmakler.ch\/immobilien\/1225964de-modern-und-zentral-wohnen\/","og_site_name":"Pauschalmakler","article_modified_time":"2026-05-02T05:21:04+00:00","twitter_card":"summary_large_image","twitter_misc":{"Dur\u00e9e de lecture estim\u00e9e":"1 minute"},"schema":{"@context":"https:\/\/schema.org","@graph":[{"@type":"WebPage","@id":"https:\/\/pauschalmakler.ch\/immobilien\/1225964de-modern-und-zentral-wohnen\/","url":"https:\/\/pauschalmakler.ch\/immobilien\/1225964de-modern-und-zentral-wohnen\/","name":"MODERN und ZENTRAL Wohnen - Pauschalmakler","isPartOf":{"@id":"https:\/\/pauschalmakler.ch\/#website"},"primaryImageOfPage":{"@id":"https:\/\/pauschalmakler.ch\/immobilien\/1225964de-modern-und-zentral-wohnen\/#primaryimage"},"image":{"@id":"https:\/\/pauschalmakler.ch\/immobilien\/1225964de-modern-und-zentral-wohnen\/#primaryimage"},"thumbnailUrl":"https:\/\/cdn.casasoft.com\/media\/provider-11767\/property-1225964\/48b450f7e184c2493226192b16224a96.jpeg?p=xl","datePublished":"2023-03-29T09:16:32+00:00","dateModified":"2026-05-02T05:21:04+00:00","breadcrumb":{"@id":"https:\/\/pauschalmakler.ch\/immobilien\/1225964de-modern-und-zentral-wohnen\/#breadcrumb"},"inLanguage":"fr-FR","potentialAction":[{"@type":"ReadAction","target":["https:\/\/pauschalmakler.ch\/immobilien\/1225964de-modern-und-zentral-wohnen\/"]}]},{"@type":"ImageObject","inLanguage":"fr-FR","@id":"https:\/\/pauschalmakler.ch\/immobilien\/1225964de-modern-und-zentral-wohnen\/#primaryimage","url":"https:\/\/cdn.casasoft.com\/media\/provider-11767\/property-1225964\/48b450f7e184c2493226192b16224a96.jpeg?p=xl","contentUrl":"https:\/\/cdn.casasoft.com\/media\/provider-11767\/property-1225964\/48b450f7e184c2493226192b16224a96.jpeg?p=xl"},{"@type":"BreadcrumbList","@id":"https:\/\/pauschalmakler.ch\/immobilien\/1225964de-modern-und-zentral-wohnen\/#breadcrumb","itemListElement":[{"@type":"ListItem","position":1,"name":"Home","item":"https:\/\/pauschalmakler.ch\/fr\/"},{"@type":"ListItem","position":2,"name":"Immobilien","item":"https:\/\/pauschalmakler.ch\/immobilien\/"},{"@type":"ListItem","position":3,"name":"MODERN und ZENTRAL Wohnen"}]},{"@type":"WebSite","@id":"https:\/\/pauschalmakler.ch\/#website","url":"https:\/\/pauschalmakler.ch\/","name":"Pauschalmakler","description":"","publisher":{"@id":"https:\/\/pauschalmakler.ch\/#organization"},"potentialAction":[{"@type":"SearchAction","target":{"@type":"EntryPoint","urlTemplate":"https:\/\/pauschalmakler.ch\/?s={search_term_string}"},"query-input":{"@type":"PropertyValueSpecification","valueRequired":true,"valueName":"search_term_string"}}],"inLanguage":"fr-FR"},{"@type":"Organization","@id":"https:\/\/pauschalmakler.ch\/#organization","name":"Pauschalmakler","url":"https:\/\/pauschalmakler.ch\/","logo":{"@type":"ImageObject","inLanguage":"fr-FR","@id":"https:\/\/pauschalmakler.ch\/#\/schema\/logo\/image\/","url":"https:\/\/pauschalmakler.ch\/wp-content\/uploads\/2020\/08\/logo-pm.svg","contentUrl":"https:\/\/pauschalmakler.ch\/wp-content\/uploads\/2020\/08\/logo-pm.svg","caption":"Pauschalmakler"},"image":{"@id":"https:\/\/pauschalmakler.ch\/#\/schema\/logo\/image\/"}}]}},"_links":{"self":[{"href":"https:\/\/pauschalmakler.ch\/fr\/wp-json\/wp\/v2\/casawp_property\/17811","targetHints":{"allow":["GET"]}}],"collection":[{"href":"https:\/\/pauschalmakler.ch\/fr\/wp-json\/wp\/v2\/casawp_property"}],"about":[{"href":"https:\/\/pauschalmakler.ch\/fr\/wp-json\/wp\/v2\/types\/casawp_property"}],"replies":[{"embeddable":true,"href":"https:\/\/pauschalmakler.ch\/fr\/wp-json\/wp\/v2\/comments?post=17811"}],"version-history":[{"count":0,"href":"https:\/\/pauschalmakler.ch\/fr\/wp-json\/wp\/v2\/casawp_property\/17811\/revisions"}],"wp:featuredmedia":[{"embeddable":true,"href":"https:\/\/pauschalmakler.ch\/fr\/wp-json\/wp\/v2\/media\/17812"}],"wp:attachment":[{"href":"https:\/\/pauschalmakler.ch\/fr\/wp-json\/wp\/v2\/media?parent=17811"}],"wp:term":[{"taxonomy":"casawp_category","embeddable":true,"href":"https:\/\/pauschalmakler.ch\/fr\/wp-json\/wp\/v2\/casawp_category?post=17811"},{"taxonomy":"casawp_feature","embeddable":true,"href":"https:\/\/pauschalmakler.ch\/fr\/wp-json\/wp\/v2\/casawp_feature?post=17811"},{"taxonomy":"casawp_utility","embeddable":true,"href":"https:\/\/pauschalmakler.ch\/fr\/wp-json\/wp\/v2\/casawp_utility?post=17811"},{"taxonomy":"casawp_location","embeddable":true,"href":"https:\/\/pauschalmakler.ch\/fr\/wp-json\/wp\/v2\/casawp_location?post=17811"},{"taxonomy":"casawp_salestype","embeddable":true,"href":"https:\/\/pauschalmakler.ch\/fr\/wp-json\/wp\/v2\/casawp_salestype?post=17811"},{"taxonomy":"casawp_availability","embeddable":true,"href":"https:\/\/pauschalmakler.ch\/fr\/wp-json\/wp\/v2\/casawp_availability?post=17811"},{"taxonomy":"casawp_region","embeddable":true,"href":"https:\/\/pauschalmakler.ch\/fr\/wp-json\/wp\/v2\/casawp_region?post=17811"}],"curies":[{"name":"wp","href":"https:\/\/api.w.org\/{rel}","templated":true}]}}